{"id":9207,"date":"2019-01-08T05:36:43","date_gmt":"2019-01-08T05:36:43","guid":{"rendered":"http:\/\/preview.creativesplanet.com\/greenly-site1\/?page_id=9207"},"modified":"2020-12-02T17:02:08","modified_gmt":"2020-12-02T16:02:08","slug":"autoconsumo","status":"publish","type":"page","link":"https:\/\/solarenergiafotovoltaica.com\/de\/selbstverzehr\/","title":{"rendered":"Selbstverzehr JETZT!"},"content":{"rendered":"<div data-vc-full-width=\"true\" data-vc-full-width-init=\"false\" class=\"vc_row wpb_row vc_row-fluid vc_custom_1548744289574 cspt-row cspt-bg-color-yes cspt-bg-color-transparent cspt-zindex-zero cspt-responsive-custom-61836986 cspt-break-col-991 cspt-extended-col cspt-extended-col-first vc_row-o-content-middle vc_row-flex\">\n\t<div class=\"cspt-extended-bg cspt-extended-bg-first-col\"><div class=\"col-md-6 cspt-extended-bg-col  cspt-bgimage-position-right-top cspt-bgimage-repeat-y cspt-bg-color-yes cspt-bg-color-transparent cspt-bgimage-yes\" style=\"background-image:url('https:\/\/solarenergiafotovoltaica.com\/wp-content\/uploads\/2019\/01\/pattern-02.jpg')\"><\/div>\n\t\t\t\t\t\t<div class=\"col-md-6\"><\/div><\/div>\t\t\n<div class=\"wpb_column vc_column_container vc_col-sm-6 cspt-column cspt-bg-color-yes cspt-bg-color-transparent cspt-zindex-zero cspt-responsive-custom-83513971\">\n\t<div class=\"vc_column-inner vc_custom_1544518202855\">\n\t\t<div class=\"wpb_wrapper\">\n\t\t\t\n\t<div  class=\"wpb_single_image wpb_content_element vc_align_left  vc_custom_1606584724718  cspt-effect-img\">\n\t\t\n\t\t<figure class=\"wpb_wrapper vc_figure\">\n\t\t\t<div class=\"vc_single_image-wrapper   vc_box_border_grey\"><img loading=\"lazy\" decoding=\"async\" width=\"1000\" height=\"844\" src=\"https:\/\/solarenergiafotovoltaica.com\/wp-content\/uploads\/2020\/11\/energia-fotovoltaica-cadiz.jpg\" class=\"vc_single_image-img attachment-full\" alt=\"\" srcset=\"https:\/\/solarenergiafotovoltaica.com\/wp-content\/uploads\/2020\/11\/energia-fotovoltaica-cadiz.jpg 1000w, https:\/\/solarenergiafotovoltaica.com\/wp-content\/uploads\/2020\/11\/energia-fotovoltaica-cadiz-300x253.jpg 300w, https:\/\/solarenergiafotovoltaica.com\/wp-content\/uploads\/2020\/11\/energia-fotovoltaica-cadiz-768x648.jpg 768w, https:\/\/solarenergiafotovoltaica.com\/wp-content\/uploads\/2020\/11\/energia-fotovoltaica-cadiz-770x650.jpg 770w\" sizes=\"auto, (max-width: 1000px) 100vw, 1000px\" data-id=\"10202\" \/><\/div>\n\t\t<\/figure>\n\t<\/div>\n<div class=\"vc_btn3-container  cspt-right-pad-btn vc_btn3-left\" >\n\t<button class=\"vc_general vc_btn3 vc_btn3-size-md vc_btn3-shape-square vc_btn3-style-classic vc_btn3-icon-right vc_btn3-color-globalcolor\"><span>Rufen Sie uns an unter <i class=\"vc_btn3-icon entypo-icon entypo-icon-right-open\"><\/i><\/span><\/button><\/div>\n\t\t<\/div>\n\t<\/div>\n<\/div>\n\n\n<div class=\"wpb_column vc_column_container vc_col-sm-6 cspt-column cspt-bg-color-yes cspt-bg-color-transparent cspt-zindex-zero cspt-responsive-custom-99138109\">\n\t<div class=\"vc_column-inner vc_custom_1549970097060\">\n\t\t<div class=\"wpb_wrapper\">\n\t\t\t<div  class=\"cspt-ihbox cspt-ihbox-style-hsbox  vc_custom_1606304040694  cspt-reverse-heading-yes vc_custom_1606304040694\" >\n\t\t<div class=\"cspt-ihbox-contents\">\n\t\t<div class=\"cspt-ihbox-subheading\"><\/div>\t\t<div class=\"cspt-ihbox-heading\"><\/div>\t\t\t\t\t<\/div><!-- .cspt-ihbox-contents -->\n<\/div>\n\n\t<div class=\"wpb_text_column wpb_content_element  vc_custom_1606743217454\" >\n\t\t<div class=\"wpb_wrapper\">\n\t\t\t<p align=\"justify\">Das bekannte \"<strong>SONNENSTEUER<\/strong>Das Konzept der \"Strompreiserh\u00f6hungen\" wurde eingef\u00fchrt, mit Ma\u00dfnahmen zur Bek\u00e4mpfung des Anstiegs der Strompreise und des Konzepts der \"Strompreiserh\u00f6hungen\" wurde eingef\u00fchrt. <strong>Selbstverzehr.\u00a0<\/strong>Die Entwicklung dieses Konzepts garantiert den Verbrauchern den Zugang zu umweltfreundlicheren Alternativen und tr\u00e4gt gleichzeitig dazu bei, den Bedarf des Stromnetzes zu verringern, indem sie zu Verbrauchern ihres selbst erzeugten Stroms werden.<\/p>\n\n\t\t<\/div>\n\t<\/div>\n<div  class=\"creativesplanet-ul-list cspt-list-padding-0 cspt-ul-type-icon\"><ul><li><i class=\"cspt-globalcolor entypo-icon entypo-icon-check\"><\/i> Saubere Energie<\/li><li><i class=\"cspt-globalcolor entypo-icon entypo-icon-check\"><\/i> Erneuerbare und unbegrenzte Energie\n<\/li><li><i class=\"cspt-globalcolor entypo-icon entypo-icon-check\"><\/i> Respekt f\u00fcr die Umwelt<\/li><li><i class=\"cspt-globalcolor entypo-icon entypo-icon-check\"><\/i> Sie produzieren, Sie verbrauchen und was \u00fcbrig bleibt, verkaufen Sie.<\/li><\/ul><\/div>\t\t<\/div>\n\t<\/div>\n<\/div>\n\n<\/div>\n<div class=\"vc_row-full-width vc_clearfix\"><\/div>\n<div data-vc-full-width=\"true\" data-vc-full-width-init=\"false\" class=\"vc_row wpb_row vc_row-fluid cspt-row cspt-bg-color-yes cspt-bg-color-light cspt-zindex-zero\">\n\t\t\t\n<div class=\"wpb_column vc_column_container vc_col-sm-12 cspt-column cspt-bg-color-yes cspt-bg-color-transparent cspt-zindex-zero\">\n\t<div class=\"vc_column-inner\">\n\t\t<div class=\"wpb_wrapper\">\n\t\t\t\n<div class=\"vc_row wpb_row vc_inner vc_row-fluid cspt-row-inner cspt-bg-color-yes cspt-bg-color-transparent cspt-zindex-zero cspt-responsive-custom-91466785 cspt-break-col-991\">\n\t<div class=\"wpb_column vc_column_container vc_col-sm-6 cspt-column-inner cspt-bg-color-yes cspt-bg-color-transparent cspt-zindex-zero cspt-responsive-custom-46222631\"><div class=\"vc_column-inner vc_custom_1546938812424\"><div class=\"wpb_wrapper\"><div class=\"cspt-ihbox cspt-ihbox-style-hsbox   cspt-reverse-heading-yes\">\n\t\t<div class=\"cspt-ihbox-contents\">\n\t\t<div class=\"cspt-ihbox-subheading\"><\/div>\t\t<div class=\"cspt-ihbox-heading\"><\/div>\t\t\t\t\t<\/div><!-- .cspt-ihbox-contents -->\n<\/div>\n\n\t<div class=\"wpb_single_image wpb_content_element vc_align_left  vc_custom_1606312059830  cspt-singleimage-991\">\n\t\t\n\t\t\n\t\t\t<div class=\"vc_single_image-wrapper   vc_box_border_grey\"><img loading=\"lazy\" decoding=\"async\" width=\"700\" height=\"330\" src=\"https:\/\/solarenergiafotovoltaica.com\/wp-content\/uploads\/2020\/11\/hogar-energia-solar-fotovoltaica.jpg\" class=\"vc_single_image-img attachment-full\" alt=\"\" srcset=\"https:\/\/solarenergiafotovoltaica.com\/wp-content\/uploads\/2020\/11\/hogar-energia-solar-fotovoltaica.jpg 700w, https:\/\/solarenergiafotovoltaica.com\/wp-content\/uploads\/2020\/11\/hogar-energia-solar-fotovoltaica-300x141.jpg 300w\" sizes=\"auto, (max-width: 700px) 100vw, 700px\" data-id=\"10222\" \/><\/div>\n\t\t\n\t<\/div>\n<div class=\"cspt-ihbox cspt-ihbox-style-5\">\n\t<div class=\"cspt-ihbox-contents\">\n\t\t<div class=\"cspt-ihbox-icon-heading align-middle\">\n\t\t\t\t\t\t<div class=\"cspt-ihbox-heading\"><\/div>\t\t<\/div>\n\t\t<div class=\"cspt-ihbox-subheading\"><\/div>\t\t<div class=\"cspt-ihbox-content\">Wir f\u00fchren eine Vorstudie \u00fcber den Verbrauch in Ihrem Haus durch und suchen den besten Platz f\u00fcr die Aufstellung der Paneele.<\/div>\t\t\t<\/div><!-- .cspt-ihbox-contents -->\n<\/div><\/div><\/div><\/div><div class=\"wpb_column vc_column_container vc_col-sm-6 cspt-column-inner cspt-bg-color-yes cspt-bg-color-transparent cspt-zindex-zero cspt-responsive-custom-23349509\"><div class=\"vc_column-inner vc_custom_1546938711808\"><div class=\"wpb_wrapper\"><div class=\"vc_empty_space\" style=\"height: 150px\"><span class=\"vc_empty_space_inner\"><\/span><\/div>\n\t<div class=\"wpb_single_image wpb_content_element vc_align_left  vc_custom_1606312311027  cspt-singleimage-991\">\n\t\t\n\t\t\n\t\t\t<div class=\"vc_single_image-wrapper   vc_box_border_grey\"><img loading=\"lazy\" decoding=\"async\" width=\"875\" height=\"423\" src=\"https:\/\/solarenergiafotovoltaica.com\/wp-content\/uploads\/revslider\/homeslider1\/slider-1-part-01.png\" class=\"vc_single_image-img attachment-full\" alt=\"\" srcset=\"https:\/\/solarenergiafotovoltaica.com\/wp-content\/uploads\/revslider\/homeslider1\/slider-1-part-01.png 875w, https:\/\/solarenergiafotovoltaica.com\/wp-content\/uploads\/revslider\/homeslider1\/slider-1-part-01-300x145.png 300w, https:\/\/solarenergiafotovoltaica.com\/wp-content\/uploads\/revslider\/homeslider1\/slider-1-part-01-768x371.png 768w, https:\/\/solarenergiafotovoltaica.com\/wp-content\/uploads\/revslider\/homeslider1\/slider-1-part-01-770x372.png 770w\" sizes=\"auto, (max-width: 875px) 100vw, 875px\" data-id=\"10157\" \/><\/div>\n\t\t\n\t<\/div>\n<div class=\"cspt-ihbox cspt-ihbox-style-5\">\n\t<div class=\"cspt-ihbox-contents\">\n\t\t<div class=\"cspt-ihbox-icon-heading align-middle\">\n\t\t\t\t\t\t<div class=\"cspt-ihbox-heading\"><\/div>\t\t<\/div>\n\t\t<div class=\"cspt-ihbox-subheading\"><\/div>\t\t<div class=\"cspt-ihbox-content\">Es gibt mehrere Faktoren, aber der wichtigste ist, wie viel Strom und Platz zum Aufstellen der Platten ben\u00f6tigt wird. Die Dreierregel l\u00e4sst sich kurz und b\u00fcndig erkl\u00e4ren.<\/div>\t\t\t<\/div><!-- .cspt-ihbox-contents -->\n<\/div><\/div><\/div><\/div><\/div>\n\t\t<\/div>\n\t<\/div>\n<\/div>\n\n<\/div>\n<div class=\"vc_row-full-width vc_clearfix\"><\/div>\n<div data-vc-full-width=\"true\" data-vc-full-width-init=\"false\" class=\"vc_row wpb_row vc_row-fluid cspt-row cspt-bg-color-yes cspt-bg-color-light cspt-zindex-zero\">\n\t\t\t\n<div class=\"wpb_column vc_column_container vc_col-sm-12 cspt-column cspt-bg-color-yes cspt-bg-color-transparent cspt-zindex-zero\">\n\t<div class=\"vc_column-inner\">\n\t\t<div class=\"wpb_wrapper\">\n\t\t\t\n<div class=\"vc_row wpb_row vc_inner vc_row-fluid cspt-row-inner cspt-bg-color-yes cspt-bg-color-transparent cspt-zindex-zero cspt-responsive-custom-91466785 cspt-break-col-991\">\n\t<div class=\"wpb_column vc_column_container vc_col-sm-12 cspt-column-inner cspt-bg-color-yes cspt-bg-color-transparent cspt-zindex-zero cspt-responsive-custom-23349509\"><div class=\"vc_column-inner vc_custom_1546938711808\"><div class=\"wpb_wrapper\">\n\t<div class=\"wpb_single_image wpb_content_element vc_align_left  vc_custom_1606582544165  cspt-singleimage-991\">\n\t\t\n\t\t\n\t\t\t<div class=\"vc_single_image-wrapper   vc_box_border_grey\"><img loading=\"lazy\" decoding=\"async\" width=\"1600\" height=\"686\" src=\"https:\/\/solarenergiafotovoltaica.com\/wp-content\/uploads\/2020\/11\/ahorro-fotovoltaica.jpg\" class=\"vc_single_image-img attachment-full\" alt=\"\" srcset=\"https:\/\/solarenergiafotovoltaica.com\/wp-content\/uploads\/2020\/11\/ahorro-fotovoltaica.jpg 1600w, https:\/\/solarenergiafotovoltaica.com\/wp-content\/uploads\/2020\/11\/ahorro-fotovoltaica-300x129.jpg 300w, https:\/\/solarenergiafotovoltaica.com\/wp-content\/uploads\/2020\/11\/ahorro-fotovoltaica-768x329.jpg 768w, https:\/\/solarenergiafotovoltaica.com\/wp-content\/uploads\/2020\/11\/ahorro-fotovoltaica-1024x439.jpg 1024w, https:\/\/solarenergiafotovoltaica.com\/wp-content\/uploads\/2020\/11\/ahorro-fotovoltaica-770x330.jpg 770w\" sizes=\"auto, (max-width: 1600px) 100vw, 1600px\" data-id=\"10243\" \/><\/div>\n\t\t\n\t<\/div>\n<div class=\"cspt-ihbox cspt-ihbox-style-5\">\n\t<div class=\"cspt-ihbox-contents\">\n\t\t<div class=\"cspt-ihbox-icon-heading align-middle\">\n\t\t\t\t\t\t<div class=\"cspt-ihbox-heading\"><\/div>\t\t<\/div>\n\t\t<div class=\"cspt-ihbox-subheading\"><\/div>\t\t<div class=\"cspt-ihbox-content\">Solange Sie die in Ihren Batterien gespeicherte Energie nutzen, verbrauchen Sie keinen Strom aus der Steckdose, sondern verbrauchen den Strom v\u00f6llig kostenlos selbst.<\/div>\t\t\t<\/div><!-- .cspt-ihbox-contents -->\n<\/div><\/div><\/div><\/div><\/div>\n\t\t<\/div>\n\t<\/div>\n<\/div>\n\n<\/div>\n<div class=\"vc_row-full-width vc_clearfix\"><\/div>\n<div data-vc-full-width=\"true\" data-vc-full-width-init=\"false\" class=\"vc_row wpb_row vc_row-fluid vc_custom_1548744289574 cspt-row cspt-bg-color-yes cspt-bg-color-transparent cspt-zindex-zero cspt-responsive-custom-61836986 cspt-break-col-991 cspt-extended-col cspt-extended-col-first vc_row-o-content-middle vc_row-flex\">\n\t<div class=\"cspt-extended-bg cspt-extended-bg-first-col\"><div class=\"col-md-6 cspt-extended-bg-col  cspt-bgimage-position-right-top cspt-bgimage-repeat-y cspt-bg-color-yes cspt-bg-color-transparent cspt-bgimage-yes\" style=\"background-image:url('https:\/\/solarenergiafotovoltaica.com\/wp-content\/uploads\/2019\/01\/pattern-02.jpg')\"><\/div>\n\t\t\t\t\t\t<div class=\"col-md-6\"><\/div><\/div>\t\t\n<div class=\"wpb_column vc_column_container vc_col-sm-6 cspt-column cspt-bg-color-yes cspt-bg-color-transparent cspt-zindex-zero cspt-responsive-custom-83513971\">\n\t<div class=\"vc_column-inner vc_custom_1544518202855\">\n\t\t<div class=\"wpb_wrapper\">\n\t\t\t\n\t<div  class=\"wpb_single_image wpb_content_element vc_align_left  vc_custom_1606584371684  cspt-effect-img\">\n\t\t\n\t\t<figure class=\"wpb_wrapper vc_figure\">\n\t\t\t<div class=\"vc_single_image-wrapper   vc_box_border_grey\"><img loading=\"lazy\" decoding=\"async\" class=\"vc_single_image-img\" src=\"https:\/\/solarenergiafotovoltaica.com\/wp-content\/uploads\/2020\/11\/sol-energio-fotovoltaica-460x480.jpeg\" width=\"460\" height=\"480\" alt=\"Wolken am blauen Himmel. Die helle Mittagssonne erhellt den Raum.\" title=\"Wolken am blauen Himmel. Helle Sonne erhellt den Raum.\" \/><\/div>\n\t\t<\/figure>\n\t<\/div>\n<div class=\"vc_btn3-container  cspt-right-pad-btn vc_btn3-left\" >\n\t<button class=\"vc_general vc_btn3 vc_btn3-size-md vc_btn3-shape-square vc_btn3-style-classic vc_btn3-icon-right vc_btn3-color-globalcolor\"><span>Rufen Sie uns an unter <i class=\"vc_btn3-icon entypo-icon entypo-icon-right-open\"><\/i><\/span><\/button><\/div>\n\n\t<div  class=\"wpb_single_image wpb_content_element vc_align_left  vc_custom_1606584381271  cspt-abs-img\">\n\t\t\n\t\t<figure class=\"wpb_wrapper vc_figure\">\n\t\t\t<div class=\"vc_single_image-wrapper   vc_box_border_grey\"><img loading=\"lazy\" decoding=\"async\" class=\"vc_single_image-img\" src=\"https:\/\/solarenergiafotovoltaica.com\/wp-content\/uploads\/2020\/11\/temdistribucion_productos_otros-362x407.jpg\" width=\"362\" height=\"407\" alt=\"temdistribution_other_products\" title=\"temdistribution_other_products\" \/><\/div>\n\t\t<\/figure>\n\t<\/div>\n\t\t<\/div>\n\t<\/div>\n<\/div>\n\n\n<div class=\"wpb_column vc_column_container vc_col-sm-6 cspt-column cspt-bg-color-yes cspt-bg-color-transparent cspt-zindex-zero cspt-responsive-custom-99138109\">\n\t<div class=\"vc_column-inner vc_custom_1549970097060\">\n\t\t<div class=\"wpb_wrapper\">\n\t\t\t<div  class=\"cspt-ihbox cspt-ihbox-style-hsbox  vc_custom_1606478102103  cspt-reverse-heading-yes vc_custom_1606478102103\" >\n\t\t<div class=\"cspt-ihbox-contents\">\n\t\t<div class=\"cspt-ihbox-subheading\"><\/div>\t\t<div class=\"cspt-ihbox-heading\"><\/div>\t\t\t\t\t<\/div><!-- .cspt-ihbox-contents -->\n<\/div>\n\n\t<div class=\"wpb_text_column wpb_content_element  vc_custom_1606743399988\" >\n\t\t<div class=\"wpb_wrapper\">\n\t\t\t<p align=\"justify\">Der fr\u00fchere K\u00f6nigliche Erlass vereinfachte die Arten von Eigenverbrauchsanlagen, indem er sie in zwei Typen unterteilte: mit und ohne \u00dcberschuss.<\/p>\n<p align=\"justify\">Im Rahmen der Modalit\u00e4t des Eigenverbrauchs mit \u00dcbersch\u00fcssen <strong>(ohne elektrische Batterie zur Speicherung)<\/strong> finden wir die <strong>vereinfachte Entsch\u00e4digung.<\/strong><\/p>\n<p align=\"justify\">Das vereinfachte Clearing richtet sich an den inl\u00e4ndischen Kunden.<\/p>\n<p align=\"justify\">Die Anlage wird telematisch und kostenlos als \"mit \u00dcberschuss\" registriert (Anlagen mit weniger als 15 kW, praktisch alle Hausinstallationen).<\/p>\n<p align=\"justify\">Mit vereinfachtem Clearing, f\u00fcr \u00dcbersch\u00fcsse <strong>(\u00fcbersch\u00fcssige Energie, die nicht<\/strong> <strong>zum Zeitpunkt der Produktion genossen wird)<\/strong> die in das Netz eingespeist werden, werden monatlich in Form einer \"Nichtverg\u00fctung\" auf der Energieseite entsch\u00e4digt.<\/p>\n<p align=\"justify\">Die st\u00fcndlich gemessenen \u00dcbersch\u00fcsse werden im laufenden Monat ausgeglichen, ohne f\u00fcr den Folgemonat gespeichert zu werden, und es kann damit kein Geld verdient werden, so dass die ausgeglichene Energie den Energieteil der Rechnung auf h\u00f6chstens 0 \u20ac bel\u00e4sst.<\/p>\n<p align=\"justify\">Da die Anlage an das Netz angeschlossen bleibt, kann sie, wenn sie zu einem bestimmten Zeitpunkt nicht genug Energie produziert, um den Bedarf zu decken, Energie aus dem Netz beziehen. Nehmen wir an, in einem Monat bel\u00e4uft sich der Energieverbrauch auf insgesamt 40 \u20ac. Wenn der Wert des \u00dcberschusses in diesem Monat 40 \u20ac oder mehr betr\u00e4gt, <strong>die Rolle<\/strong> <strong>Die Energierechnung w\u00fcrde 0 \u20ac betragen.<\/strong> Liegt der Wert des \u00dcberschusses unter 40 \u20ac (z. B. 30 \u20ac), so m\u00fcsste der Kunde die Differenz im Bereich des Energieverbrauchs bezahlen, d. h. 10 \u20ac.<\/p>\n\n\t\t<\/div>\n\t<\/div>\n<div  class=\"creativesplanet-ul-list cspt-list-padding-0 cspt-ul-type-icon\"><ul><li><i class=\"cspt-globalcolor entypo-icon entypo-icon-check\"><\/i> Saubere Energie<\/li><li><i class=\"cspt-globalcolor entypo-icon entypo-icon-check\"><\/i> Erneuerbare und unbegrenzte Energie\n<\/li><li><i class=\"cspt-globalcolor entypo-icon entypo-icon-check\"><\/i> Respekt f\u00fcr die Umwelt<\/li><li><i class=\"cspt-globalcolor entypo-icon entypo-icon-check\"><\/i> Sie produzieren, Sie verbrauchen und der Rest wird kompensiert.<\/li><\/ul><\/div>\t\t<\/div>\n\t<\/div>\n<\/div>\n\n<\/div>\n<div class=\"vc_row-full-width vc_clearfix\"><\/div>","protected":false},"excerpt":{"rendered":"Llamanos Se ha puesto fin al conocido \"impuesto al Sol\" con unas medidas para combatir la subida de la electricidad y se ha establecido el concepto de autoconsumo.\u00a0El desarrollo de este concepto garantiza a los consumidores el acceso a alternativas mas respetuosas con el medio ambiente y a su vez, contribuir a reducir las necesidades [...]","protected":false},"author":1,"featured_media":0,"parent":0,"menu_order":6,"comment_status":"closed","ping_status":"closed","template":"","meta":{"_acf_changed":false,"footnotes":""},"class_list":["post-9207","page","type-page","status-publish","hentry"],"acf":[],"yoast_head":"<!-- This site is optimized with the Yoast SEO plugin v26.8 - https:\/\/yoast.com\/product\/yoast-seo-wordpress\/ -->\n<title>Autoconsumo YA! - Energia Fotovoltaica Solar<\/title>\n<meta name=\"robots\" content=\"index, follow, max-snippet:-1, max-image-preview:large, max-video-preview:-1\" \/>\n<link rel=\"canonical\" href=\"https:\/\/solarenergiafotovoltaica.com\/de\/selbstverzehr\/\" \/>\n<meta property=\"og:locale\" content=\"de_DE\" \/>\n<meta property=\"og:type\" content=\"article\" \/>\n<meta property=\"og:title\" content=\"Autoconsumo YA! - Energia Fotovoltaica Solar\" \/>\n<meta property=\"og:url\" content=\"https:\/\/solarenergiafotovoltaica.com\/de\/selbstverzehr\/\" \/>\n<meta property=\"og:site_name\" content=\"Energia Fotovoltaica Solar\" \/>\n<meta property=\"article:modified_time\" content=\"2020-12-02T16:02:08+00:00\" \/>\n<meta name=\"twitter:card\" content=\"summary_large_image\" \/>\n<meta name=\"twitter:label1\" content=\"Gesch\u00e4tzte Lesezeit\" \/>\n\t<meta name=\"twitter:data1\" content=\"5\u00a0Minuten\" \/>\n<script type=\"application\/ld+json\" class=\"yoast-schema-graph\">{\"@context\":\"https:\/\/schema.org\",\"@graph\":[{\"@type\":\"WebPage\",\"@id\":\"https:\/\/solarenergiafotovoltaica.com\/autoconsumo\/\",\"url\":\"https:\/\/solarenergiafotovoltaica.com\/autoconsumo\/\",\"name\":\"Autoconsumo YA! - Energia Fotovoltaica Solar\",\"isPartOf\":{\"@id\":\"https:\/\/solarenergiafotovoltaica.com\/#website\"},\"datePublished\":\"2019-01-08T05:36:43+00:00\",\"dateModified\":\"2020-12-02T16:02:08+00:00\",\"breadcrumb\":{\"@id\":\"https:\/\/solarenergiafotovoltaica.com\/autoconsumo\/#breadcrumb\"},\"inLanguage\":\"de\",\"potentialAction\":[{\"@type\":\"ReadAction\",\"target\":[\"https:\/\/solarenergiafotovoltaica.com\/autoconsumo\/\"]}]},{\"@type\":\"BreadcrumbList\",\"@id\":\"https:\/\/solarenergiafotovoltaica.com\/autoconsumo\/#breadcrumb\",\"itemListElement\":[{\"@type\":\"ListItem\",\"position\":1,\"name\":\"Portada\",\"item\":\"https:\/\/solarenergiafotovoltaica.com\/\"},{\"@type\":\"ListItem\",\"position\":2,\"name\":\"Autoconsumo YA!\"}]},{\"@type\":\"WebSite\",\"@id\":\"https:\/\/solarenergiafotovoltaica.com\/#website\",\"url\":\"https:\/\/solarenergiafotovoltaica.com\/\",\"name\":\"Energia Fotovoltaica Solar\",\"description\":\"Instaladores de Placas Solares\",\"publisher\":{\"@id\":\"https:\/\/solarenergiafotovoltaica.com\/#organization\"},\"potentialAction\":[{\"@type\":\"SearchAction\",\"target\":{\"@type\":\"EntryPoint\",\"urlTemplate\":\"https:\/\/solarenergiafotovoltaica.com\/?s={search_term_string}\"},\"query-input\":{\"@type\":\"PropertyValueSpecification\",\"valueRequired\":true,\"valueName\":\"search_term_string\"}}],\"inLanguage\":\"de\"},{\"@type\":\"Organization\",\"@id\":\"https:\/\/solarenergiafotovoltaica.com\/#organization\",\"name\":\"Energio Solar Fotovoltaica\",\"url\":\"https:\/\/solarenergiafotovoltaica.com\/\",\"logo\":{\"@type\":\"ImageObject\",\"inLanguage\":\"de\",\"@id\":\"https:\/\/solarenergiafotovoltaica.com\/#\/schema\/logo\/image\/\",\"url\":\"https:\/\/solarenergiafotovoltaica.com\/wp-content\/uploads\/2020\/10\/solarenergiafotovoltaica.jpg\",\"contentUrl\":\"https:\/\/solarenergiafotovoltaica.com\/wp-content\/uploads\/2020\/10\/solarenergiafotovoltaica.jpg\",\"width\":322,\"height\":87,\"caption\":\"Energio Solar Fotovoltaica\"},\"image\":{\"@id\":\"https:\/\/solarenergiafotovoltaica.com\/#\/schema\/logo\/image\/\"}}]}<\/script>\n<!-- \/ Yoast SEO plugin. -->","yoast_head_json":{"title":"Autoconsumo YA! - Energia Fotovoltaica Solar","robots":{"index":"index","follow":"follow","max-snippet":"max-snippet:-1","max-image-preview":"max-image-preview:large","max-video-preview":"max-video-preview:-1"},"canonical":"https:\/\/solarenergiafotovoltaica.com\/de\/selbstverzehr\/","og_locale":"de_DE","og_type":"article","og_title":"Autoconsumo YA! - Energia Fotovoltaica Solar","og_url":"https:\/\/solarenergiafotovoltaica.com\/de\/selbstverzehr\/","og_site_name":"Energia Fotovoltaica Solar","article_modified_time":"2020-12-02T16:02:08+00:00","twitter_card":"summary_large_image","twitter_misc":{"Gesch\u00e4tzte Lesezeit":"5\u00a0Minuten"},"schema":{"@context":"https:\/\/schema.org","@graph":[{"@type":"WebPage","@id":"https:\/\/solarenergiafotovoltaica.com\/autoconsumo\/","url":"https:\/\/solarenergiafotovoltaica.com\/autoconsumo\/","name":"Autoconsumo YA! - Energia Fotovoltaica Solar","isPartOf":{"@id":"https:\/\/solarenergiafotovoltaica.com\/#website"},"datePublished":"2019-01-08T05:36:43+00:00","dateModified":"2020-12-02T16:02:08+00:00","breadcrumb":{"@id":"https:\/\/solarenergiafotovoltaica.com\/autoconsumo\/#breadcrumb"},"inLanguage":"de","potentialAction":[{"@type":"ReadAction","target":["https:\/\/solarenergiafotovoltaica.com\/autoconsumo\/"]}]},{"@type":"BreadcrumbList","@id":"https:\/\/solarenergiafotovoltaica.com\/autoconsumo\/#breadcrumb","itemListElement":[{"@type":"ListItem","position":1,"name":"Portada","item":"https:\/\/solarenergiafotovoltaica.com\/"},{"@type":"ListItem","position":2,"name":"Autoconsumo YA!"}]},{"@type":"WebSite","@id":"https:\/\/solarenergiafotovoltaica.com\/#website","url":"https:\/\/solarenergiafotovoltaica.com\/","name":"Energia Fotovoltaica Solar","description":"Instaladores de Placas Solares","publisher":{"@id":"https:\/\/solarenergiafotovoltaica.com\/#organization"},"potentialAction":[{"@type":"SearchAction","target":{"@type":"EntryPoint","urlTemplate":"https:\/\/solarenergiafotovoltaica.com\/?s={search_term_string}"},"query-input":{"@type":"PropertyValueSpecification","valueRequired":true,"valueName":"search_term_string"}}],"inLanguage":"de"},{"@type":"Organization","@id":"https:\/\/solarenergiafotovoltaica.com\/#organization","name":"Energio Solar Fotovoltaica","url":"https:\/\/solarenergiafotovoltaica.com\/","logo":{"@type":"ImageObject","inLanguage":"de","@id":"https:\/\/solarenergiafotovoltaica.com\/#\/schema\/logo\/image\/","url":"https:\/\/solarenergiafotovoltaica.com\/wp-content\/uploads\/2020\/10\/solarenergiafotovoltaica.jpg","contentUrl":"https:\/\/solarenergiafotovoltaica.com\/wp-content\/uploads\/2020\/10\/solarenergiafotovoltaica.jpg","width":322,"height":87,"caption":"Energio Solar Fotovoltaica"},"image":{"@id":"https:\/\/solarenergiafotovoltaica.com\/#\/schema\/logo\/image\/"}}]}},"_links":{"self":[{"href":"https:\/\/solarenergiafotovoltaica.com\/de\/wp-json\/wp\/v2\/pages\/9207","targetHints":{"allow":["GET"]}}],"collection":[{"href":"https:\/\/solarenergiafotovoltaica.com\/de\/wp-json\/wp\/v2\/pages"}],"about":[{"href":"https:\/\/solarenergiafotovoltaica.com\/de\/wp-json\/wp\/v2\/types\/page"}],"author":[{"embeddable":true,"href":"https:\/\/solarenergiafotovoltaica.com\/de\/wp-json\/wp\/v2\/users\/1"}],"replies":[{"embeddable":true,"href":"https:\/\/solarenergiafotovoltaica.com\/de\/wp-json\/wp\/v2\/comments?post=9207"}],"version-history":[{"count":48,"href":"https:\/\/solarenergiafotovoltaica.com\/de\/wp-json\/wp\/v2\/pages\/9207\/revisions"}],"predecessor-version":[{"id":10291,"href":"https:\/\/solarenergiafotovoltaica.com\/de\/wp-json\/wp\/v2\/pages\/9207\/revisions\/10291"}],"wp:attachment":[{"href":"https:\/\/solarenergiafotovoltaica.com\/de\/wp-json\/wp\/v2\/media?parent=9207"}],"curies":[{"name":"wp","href":"https:\/\/api.w.org\/{rel}","templated":true}]}}